{"id":429,"date":"2022-04-01T20:50:32","date_gmt":"2022-04-02T00:50:32","guid":{"rendered":"https:\/\/emcmtl.org\/qui-nous-sommes\/"},"modified":"2025-12-16T13:46:37","modified_gmt":"2025-12-16T18:46:37","slug":"qui-nous-sommes","status":"publish","type":"page","link":"https:\/\/emcmtl.org\/fr\/qui-nous-sommes\/","title":{"rendered":"Qui nous sommes"},"content":{"rendered":"\n<div class=\"wp-block-coblocks-hero alignfull coblocks-hero-96142450251\"><div class=\"wp-block-coblocks-hero__inner has-background hero-center-center-align has-padding has-huge-padding has-center-content\" style=\"background-color:#657ca9;min-height:130px\"><div class=\"wp-block-coblocks-hero__content-wrapper\"><div class=\"wp-block-coblocks-hero__content\" style=\"max-width:1000px\">\n<h1 class=\"wp-block-heading has-text-align-center has-base-3-color has-text-color has-link-color wp-elements-5564f005eee586e47f28cdbdea9d021d\">L&rsquo;\u00e9quipe CEM<\/h1>\n<\/div><\/div><\/div><\/div>\n\n\n\n<div class=\"wp-block-coblocks-accordion\">\n<div class=\"wp-block-coblocks-accordion-item\"><details open><summary class=\"wp-block-coblocks-accordion-item__title\">Membres d&rsquo;\u00e9quipe du Centre Eva Marsden<\/summary><div class=\"wp-block-coblocks-accordion-item__content\">\n<div class=\"wp-block-columns is-not-stacked-on-mobile staffCols is-layout-flex wp-container-core-columns-is-layout-9d6595d7 wp-block-columns-is-layout-flex\">\n<div class=\"wp-block-column staffMember is-layout-flow wp-block-column-is-layout-flow\">\n<figure class=\"wp-block-image size-full\"><img decoding=\"async\" src=\"https:\/\/emcmtl.org\/wp-content\/uploads\/2025\/08\/Sheri-portrait.jpg\" alt=\"Sheri McLeod\" class=\"wp-image-1314\" style=\"aspect-ratio:2\/3;object-fit:cover\"\/><figcaption class=\"wp-element-caption\">Sheri McLeod \u2013 Directrice g\u00e9n\u00e9rale<\/figcaption><\/figure>\n\n\n\n<div class=\"wp-block-coblocks-accordion\">\n<div class=\"wp-block-coblocks-accordion-item\"><details><summary class=\"wp-block-coblocks-accordion-item__title\"> <\/summary><div class=\"wp-block-coblocks-accordion-item__content\">\n<p><a href=\"mailto:direction@emcmtl.org\">direction@emcmtl.org<\/a><br><a href=\"tel:5144811311\">514 481 1311<\/a> ext 201<\/p>\n<\/div><\/details><\/div>\n<\/div>\n<\/div>\n\n\n\n<div class=\"wp-block-column staffMember is-layout-flow wp-block-column-is-layout-flow\">\n<figure class=\"wp-block-image size-large\"><img loading=\"lazy\" decoding=\"async\" width=\"690\" height=\"1024\" src=\"https:\/\/emcmtl.org\/wp-content\/uploads\/2022\/08\/Miranda-portrait-min-690x1024.jpg\" alt=\"Miranda Potts \u2013 Community Health Advocate\" class=\"wp-image-517\" style=\"aspect-ratio:2\/3;object-fit:cover\" srcset=\"https:\/\/emcmtl.org\/wp-content\/uploads\/2022\/08\/Miranda-portrait-min-690x1024.jpg 690w, https:\/\/emcmtl.org\/wp-content\/uploads\/2022\/08\/Miranda-portrait-min-202x300.jpg 202w, https:\/\/emcmtl.org\/wp-content\/uploads\/2022\/08\/Miranda-portrait-min-768x1140.jpg 768w, https:\/\/emcmtl.org\/wp-content\/uploads\/2022\/08\/Miranda-portrait-min-1035x1536.jpg 1035w, https:\/\/emcmtl.org\/wp-content\/uploads\/2022\/08\/Miranda-portrait-min.jpg 1321w\" sizes=\"auto, (max-width: 690px) 100vw, 690px\" \/><figcaption class=\"wp-element-caption\">Miranda Potts \u2013 Directrice de la sensibilisation et de l&rsquo;\u00e9ducation<\/figcaption><\/figure>\n\n\n\n<div class=\"wp-block-coblocks-accordion\">\n<div class=\"wp-block-coblocks-accordion-item\"><details><summary class=\"wp-block-coblocks-accordion-item__title\"> <\/summary><div class=\"wp-block-coblocks-accordion-item__content\">\n<p><a href=\"mailto:mpotts@emcmtl.org\">mpotts@emcmtl.org<\/a><br><a href=\"tel:5146902032\">514 690 2032<\/a><\/p>\n<\/div><\/details><\/div>\n<\/div>\n<\/div>\n\n\n\n<div class=\"wp-block-column staffMember is-layout-flow wp-block-column-is-layout-flow\">\n<figure class=\"wp-block-image size-large\"><img loading=\"lazy\" decoding=\"async\" width=\"702\" height=\"1024\" src=\"https:\/\/emcmtl.org\/wp-content\/uploads\/2022\/08\/Claire-portrait-min-702x1024.jpg\" alt=\"Claire O\u2019Brien \u2013 Program Coordinator\" class=\"wp-image-509\" style=\"aspect-ratio:2\/3;object-fit:cover\" srcset=\"https:\/\/emcmtl.org\/wp-content\/uploads\/2022\/08\/Claire-portrait-min-702x1024.jpg 702w, https:\/\/emcmtl.org\/wp-content\/uploads\/2022\/08\/Claire-portrait-min-206x300.jpg 206w, https:\/\/emcmtl.org\/wp-content\/uploads\/2022\/08\/Claire-portrait-min-768x1120.jpg 768w, https:\/\/emcmtl.org\/wp-content\/uploads\/2022\/08\/Claire-portrait-min-1054x1536.jpg 1054w, https:\/\/emcmtl.org\/wp-content\/uploads\/2022\/08\/Claire-portrait-min.jpg 1234w\" sizes=\"auto, (max-width: 702px) 100vw, 702px\" \/><figcaption class=\"wp-element-caption\">Claire O\u2019Brien \u2013 Coordinatrice du programme<\/figcaption><\/figure>\n\n\n\n<div class=\"wp-block-coblocks-accordion\">\n<div class=\"wp-block-coblocks-accordion-item\"><details><summary class=\"wp-block-coblocks-accordion-item__title\"> <\/summary><div class=\"wp-block-coblocks-accordion-item__content\">\n<p><a href=\"mailto:cobrien@emcmtl.org\">cobrien@emcmtl.org<\/a><br><a href=\"tel:5144871311\">514 487 1311<\/a> &#8211; ext 201<\/p>\n<\/div><\/details><\/div>\n<\/div>\n<\/div>\n\n\n\n<div class=\"wp-block-column staffMember is-layout-flow wp-block-column-is-layout-flow\">\n<figure class=\"wp-block-image size-large\"><img loading=\"lazy\" decoding=\"async\" width=\"640\" height=\"1024\" src=\"https:\/\/emcmtl.org\/wp-content\/uploads\/2022\/08\/Jessica-portrait-min-640x1024.jpg\" alt=\"Jessica Formicella \u2013 Community Outreach Worker\" class=\"wp-image-513\" style=\"aspect-ratio:2\/3;object-fit:cover\" srcset=\"https:\/\/emcmtl.org\/wp-content\/uploads\/2022\/08\/Jessica-portrait-min-640x1024.jpg 640w, https:\/\/emcmtl.org\/wp-content\/uploads\/2022\/08\/Jessica-portrait-min-187x300.jpg 187w, https:\/\/emcmtl.org\/wp-content\/uploads\/2022\/08\/Jessica-portrait-min-768x1229.jpg 768w, https:\/\/emcmtl.org\/wp-content\/uploads\/2022\/08\/Jessica-portrait-min-960x1536.jpg 960w, https:\/\/emcmtl.org\/wp-content\/uploads\/2022\/08\/Jessica-portrait-min.jpg 1174w\" sizes=\"auto, (max-width: 640px) 100vw, 640px\" \/><figcaption class=\"wp-element-caption\">Jessica Formicella \u2013 Directrice des op\u00e9rations<\/figcaption><\/figure>\n\n\n\n<div class=\"wp-block-coblocks-accordion\">\n<div class=\"wp-block-coblocks-accordion-item\"><details><summary class=\"wp-block-coblocks-accordion-item__title\"> <\/summary><div class=\"wp-block-coblocks-accordion-item__content\">\n<p><a href=\"mailto:jformichella@emcmtl.org\">jformichella@emcmtl.org<\/a><br><a href=\"tel:5144871311\">514 487 1311<\/a> ext 201<\/p>\n<\/div><\/details><\/div>\n<\/div>\n<\/div>\n\n\n\n<div class=\"wp-block-column staffMember is-layout-flow wp-block-column-is-layout-flow\">\n<figure class=\"wp-block-image size-large\"><img loading=\"lazy\" decoding=\"async\" width=\"714\" height=\"1024\" src=\"https:\/\/emcmtl.org\/wp-content\/uploads\/2022\/08\/Ruth-portrait-min-714x1024.jpg\" alt=\"Ruth Waksberg \u2013 Community Outreach Worker\" class=\"wp-image-519\" style=\"aspect-ratio:2\/3;object-fit:cover\" srcset=\"https:\/\/emcmtl.org\/wp-content\/uploads\/2022\/08\/Ruth-portrait-min-714x1024.jpg 714w, https:\/\/emcmtl.org\/wp-content\/uploads\/2022\/08\/Ruth-portrait-min-209x300.jpg 209w, https:\/\/emcmtl.org\/wp-content\/uploads\/2022\/08\/Ruth-portrait-min-768x1102.jpg 768w, https:\/\/emcmtl.org\/wp-content\/uploads\/2022\/08\/Ruth-portrait-min-1070x1536.jpg 1070w, https:\/\/emcmtl.org\/wp-content\/uploads\/2022\/08\/Ruth-portrait-min.jpg 1354w\" sizes=\"auto, (max-width: 714px) 100vw, 714px\" \/><figcaption class=\"wp-element-caption\">Ruth Waksberg \u2013 Technicienne en soutien administratif et de programme<\/figcaption><\/figure>\n\n\n\n<div class=\"wp-block-coblocks-accordion\">\n<div class=\"wp-block-coblocks-accordion-item\"><details><summary class=\"wp-block-coblocks-accordion-item__title\"> <\/summary><div class=\"wp-block-coblocks-accordion-item__content\">\n<p><a href=\"mailto:rwaksberg@emcmtl.org\">rwaksberg@emcmtl.org<\/a><br><a href=\"tel:5144871311\">514 487 1311<\/a> ext 202<\/p>\n<\/div><\/details><\/div>\n<\/div>\n<\/div>\n\n\n\n<div class=\"wp-block-column staffMember is-layout-flow wp-block-column-is-layout-flow\">\n<figure class=\"wp-block-image size-large\"><img loading=\"lazy\" decoding=\"async\" width=\"698\" height=\"1024\" src=\"https:\/\/emcmtl.org\/wp-content\/uploads\/2022\/08\/Stewart-portrait-min-698x1024.jpg\" alt=\"Stewart Libenstein \u2013 Driver \" class=\"wp-image-525\" style=\"aspect-ratio:2\/3;object-fit:cover\" srcset=\"https:\/\/emcmtl.org\/wp-content\/uploads\/2022\/08\/Stewart-portrait-min-698x1024.jpg 698w, https:\/\/emcmtl.org\/wp-content\/uploads\/2022\/08\/Stewart-portrait-min-205x300.jpg 205w, https:\/\/emcmtl.org\/wp-content\/uploads\/2022\/08\/Stewart-portrait-min-768x1126.jpg 768w, https:\/\/emcmtl.org\/wp-content\/uploads\/2022\/08\/Stewart-portrait-min.jpg 1015w\" sizes=\"auto, (max-width: 698px) 100vw, 698px\" \/><figcaption class=\"wp-element-caption\">Stewart Libenstein \u2013 Chauffeur<\/figcaption><\/figure>\n<\/div>\n\n\n\n<div class=\"wp-block-column staffMember is-layout-flow wp-block-column-is-layout-flow\">\n<figure class=\"wp-block-image size-full\"><img loading=\"lazy\" decoding=\"async\" width=\"420\" height=\"590\" src=\"https:\/\/emcmtl.org\/wp-content\/uploads\/2023\/10\/Paola-Leal.jpg\" alt=\"Paola Leal\" class=\"wp-image-698\" style=\"aspect-ratio:2\/3;object-fit:cover\" srcset=\"https:\/\/emcmtl.org\/wp-content\/uploads\/2023\/10\/Paola-Leal.jpg 420w, https:\/\/emcmtl.org\/wp-content\/uploads\/2023\/10\/Paola-Leal-214x300.jpg 214w\" sizes=\"auto, (max-width: 420px) 100vw, 420px\" \/><figcaption class=\"wp-element-caption\">Paola Leal &#8211; Directeur, D\u00e9veloppement de la communaut\u00e9 et de la connaissance<\/figcaption><\/figure>\n\n\n\n<div class=\"wp-block-coblocks-accordion\">\n<div class=\"wp-block-coblocks-accordion-item\"><details><summary class=\"wp-block-coblocks-accordion-item__title\"> <\/summary><div class=\"wp-block-coblocks-accordion-item__content\">\n<p><a href=\"mailto:pleal@emcmtl.org\">pleal@emcmtl.org<\/a><br><a href=\"tel:5149774042\">514 977 4042<\/a><\/p>\n\n\n\n<p><\/p>\n<\/div><\/details><\/div>\n<\/div>\n<\/div>\n\n\n\n<div class=\"wp-block-column staffMember is-layout-flow wp-block-column-is-layout-flow\">\n<figure class=\"wp-block-image size-full\"><img loading=\"lazy\" decoding=\"async\" width=\"498\" height=\"684\" src=\"https:\/\/emcmtl.org\/wp-content\/uploads\/2024\/10\/elayna-wallace-portrait.jpg\" alt=\"Elayna Wallace \u2013 Program Coordinator\" class=\"wp-image-983\" style=\"aspect-ratio:2\/3;object-fit:cover\" srcset=\"https:\/\/emcmtl.org\/wp-content\/uploads\/2024\/10\/elayna-wallace-portrait.jpg 498w, https:\/\/emcmtl.org\/wp-content\/uploads\/2024\/10\/elayna-wallace-portrait-218x300.jpg 218w\" sizes=\"auto, (max-width: 498px) 100vw, 498px\" \/><figcaption class=\"wp-element-caption\">Elayna Wallace &#8211; Coordinatrice du programme<\/figcaption><\/figure>\n\n\n\n<div class=\"wp-block-coblocks-accordion\">\n<div class=\"wp-block-coblocks-accordion-item\"><details><summary class=\"wp-block-coblocks-accordion-item__title\"> <\/summary><div class=\"wp-block-coblocks-accordion-item__content\">\n<p><a href=\"mailto:ewallace@emcmtl.org\">ewallace@emcmtl.org<\/a><br><a href=\"tel:4385248997\">438 524 8997<\/a><\/p>\n<\/div><\/details><\/div>\n<\/div>\n<\/div>\n\n\n\n<div class=\"wp-block-column staffMember is-layout-flow wp-block-column-is-layout-flow\">\n<figure class=\"wp-block-image size-full\"><img loading=\"lazy\" decoding=\"async\" width=\"380\" height=\"536\" src=\"https:\/\/emcmtl.org\/wp-content\/uploads\/2024\/10\/kaden-nelson-portrait.png\" alt=\"Kaden Nelson\" class=\"wp-image-985\" style=\"aspect-ratio:2\/3;object-fit:cover\" srcset=\"https:\/\/emcmtl.org\/wp-content\/uploads\/2024\/10\/kaden-nelson-portrait.png 380w, https:\/\/emcmtl.org\/wp-content\/uploads\/2024\/10\/kaden-nelson-portrait-213x300.png 213w\" sizes=\"auto, (max-width: 380px) 100vw, 380px\" \/><figcaption class=\"wp-element-caption\">Kaden Nelson &#8211; Coordinator du programme<\/figcaption><\/figure>\n\n\n\n<div class=\"wp-block-coblocks-accordion\">\n<div class=\"wp-block-coblocks-accordion-item\"><details><summary class=\"wp-block-coblocks-accordion-item__title\"> <\/summary><div class=\"wp-block-coblocks-accordion-item__content\">\n<p><a href=\"mailto:knelson@emcmtl.org\">knelson@emcmtl.org<\/a><br><a href=\"tel:5144871311\">514 487 1311<\/a> \u2013 ext 203<\/p>\n<\/div><\/details><\/div>\n<\/div>\n<\/div>\n\n\n\n<div class=\"wp-block-column staffMember is-layout-flow wp-block-column-is-layout-flow\">\n<figure class=\"wp-block-image size-full\"><img decoding=\"async\" src=\"https:\/\/emcmtl.org\/wp-content\/uploads\/2025\/08\/Minmin-Zhang-portrait.jpg\" alt=\"Minmin Zhang\" class=\"wp-image-1317\" style=\"aspect-ratio:2\/3;object-fit:cover\"\/><figcaption class=\"wp-element-caption\">Minmin Zhang \u2013 Specialiste en services cliniques<\/figcaption><\/figure>\n\n\n\n<div class=\"wp-block-coblocks-accordion\">\n<div class=\"wp-block-coblocks-accordion-item\"><details><summary class=\"wp-block-coblocks-accordion-item__title\"> <\/summary><div class=\"wp-block-coblocks-accordion-item__content\">\n<p><a href=\"mailto:mzhang@emcmtl.org\">mzhang@emcmtl.org<\/a><br><a href=\"tel:4385205138\" data-type=\"page\" data-id=\"1331\">438 520 5138<\/a><\/p>\n<\/div><\/details><\/div>\n<\/div>\n<\/div>\n\n\n\n<div class=\"wp-block-column staffMember is-layout-flow wp-block-column-is-layout-flow\">\n<figure class=\"wp-block-image size-full\"><img decoding=\"async\" src=\"https:\/\/emcmtl.org\/wp-content\/uploads\/2025\/08\/Dean-Ranetkins-portrait.jpg\" alt=\"Dean Ranetkins\" class=\"wp-image-1321\" style=\"aspect-ratio:2\/3;object-fit:cover\"\/><figcaption class=\"wp-element-caption\">Dean Ranetkins \u2013 Coordinator du programme<\/figcaption><\/figure>\n\n\n\n<div class=\"wp-block-coblocks-accordion\">\n<div class=\"wp-block-coblocks-accordion-item\"><details><summary class=\"wp-block-coblocks-accordion-item__title\"> <\/summary><div class=\"wp-block-coblocks-accordion-item__content\">\n<p><a href=\"mailto:dranetkins@emcmtl.org\">dranetkins@emcmtl.org<\/a><br><a href=\"tel:5144871311\" data-type=\"page\" data-id=\"1331\">514 487 1311<\/a> ext 200<\/p>\n<\/div><\/details><\/div>\n<\/div>\n<\/div>\n\n\n\n<div class=\"wp-block-column staffMember is-layout-flow wp-block-column-is-layout-flow\">\n<figure class=\"wp-block-image size-full\"><img decoding=\"async\" src=\"https:\/\/emcmtl.org\/wp-content\/uploads\/2025\/08\/Jeremy-Varvaris-portrait.jpg\" alt=\"Jeremy Varvaris\" class=\"wp-image-1326\" style=\"aspect-ratio:2\/3;object-fit:cover\"\/><figcaption class=\"wp-element-caption\">Jeremy Varvaris \u2013Sp\u00e9cialiste du soutien \u00e0 l&rsquo;\u00e9quipe<\/figcaption><\/figure>\n<\/div>\n<\/div>\n<\/div><\/details><\/div>\n\n\n\n<div class=\"wp-block-coblocks-accordion-item\"><details><summary class=\"wp-block-coblocks-accordion-item__title\">Qui nous sommes<\/summary><div class=\"wp-block-coblocks-accordion-item__content\">\n<p><strong>Deuxi\u00e8me famille<\/strong><br>Contacter Claire: <a href=\"tel:5144871311\">514 487 1311<\/a> ext 202, <a href=\"mailto:cobrien@emcmtl.org\">cobrien@emcmtl.org<\/a><\/p>\n\n\n\n<p><strong>Caf\u00e9 Boomer<\/strong><br>Contacter Claire: <a href=\"tel:5144871311\">514 487 1311<\/a>&nbsp;ext 202, <a href=\"mailto:cobrien@emcmrl.org\">cobrien@emcmrl.org<\/a><\/p>\n\n\n\n<p><strong><strong>Clinique fiscale<\/strong><\/strong><br>Contacter Ruth: <a href=\"tel:5144871311\">514 487 1311<\/a> ext 201, <a href=\"mailto:rwaksberg@emcmtl.org\">rwaksberg@emcmtl.org<\/a><\/p>\n\n\n\n<p><strong><strong>Accompagnement et transport<\/strong><\/strong><br>Contacter Dean: <a href=\"tel:5144871311\">514 487 1311<\/a> ext 200, <a href=\"mailto:dranetkins@emcmtl.org\">dranetkins@emcmtl.org<\/a><\/p>\n\n\n\n<p><strong>Initiative en mati\u00e8re d\u2019hygi\u00e8ne<\/strong><br>Contacter Minmin: <a href=\"tel:4385205138\">438 520 5138<\/a> <a href=\"mailto:mzhang@emcmtl.org\">mzhang@emcmtl.org<\/a><\/p>\n\n\n\n<p><strong><strong>Soutien aux proches aidants<\/strong><\/strong><br>Contacter Elayna: <a href=\"tel:4385248997\">438 524 8997<\/a>, <a href=\"mailto:ewallace@emcmtl.org\">ewallace@emcmtl.org<\/a><\/p>\n\n\n\n<p><strong>D\u00e9l\u00e9gu\u00e9 \u00e0 la protection des renseignements personnels<\/strong><br>Contacter Jessica: <a href=\"mailto:jformichella@emcmtl.org\">jformichella@emcmtl.org<\/a><\/p>\n<\/div><\/details><\/div>\n\n\n\n<div class=\"wp-block-coblocks-accordion-item\"><details><summary class=\"wp-block-coblocks-accordion-item__title\">Conseil d&rsquo;Administration<\/summary><div class=\"wp-block-coblocks-accordion-item__content\">\n<p><strong>Pr\u00e9sident<\/strong><br>Norma Gilbert<\/p>\n\n\n\n<p><strong>Vice-pr\u00e9sidente <\/strong><br>Janet Torge<\/p>\n\n\n\n<p><strong>Tr\u00e9sori\u00e8re<\/strong> <br>Catherine Rahal<\/p>\n\n\n\n<p><strong>Secr\u00e9taire<\/strong> <br>Susan Nichol<\/p>\n\n\n\n<p><strong>Administrateurs<\/strong><br>Mary Stark<br>Krista Brecht<br>Beth Cytryn<\/p>\n<\/div><\/details><\/div>\n\n\n\n<div class=\"wp-block-coblocks-accordion-item\"><details><summary class=\"wp-block-coblocks-accordion-item__title\">Partenaires financiers<\/summary><div class=\"wp-block-coblocks-accordion-item__content\">\n<p>Le CEM travaille en partenariat avec des individus et des organismes d\u00e9di\u00e9s \u00e0 l\u2019am\u00e9lioration de la qualit\u00e9 de vie des adultes de 50 ans et plus \u00e0 faible revenu. Nous sommes profond\u00e9ment reconnaissants envers chacun et chacune de nos donateurs et sources de financement qui font en sorte que l\u2019organisme est en mesure de r\u00e9pondre aux besoins des a\u00een\u00e9es et a\u00een\u00e9s de notre communaut\u00e9 <\/p>\n\n\n\n<p><strong>CENTRAIDE DU GRAND MONTR\u00c9AL<\/strong><\/p>\n\n\n\n<p><strong>GOUVERNEMENT DE MONTR\u00c9AL<\/strong><br>Office Municipale d\u2019Habitation<\/p>\n\n\n\n<p><strong>GOUVERNEMENT DU QU\u00c9BEC<\/strong><br>PSOC (Programme de soutien aux organismes communautaires)<br>D\u00e9sir\u00e9e McGraw, M.N.A.- SAB (Soutien \u00e0 l\u2019action b\u00e9n\u00e9vole)<br>PSOC &#8211; Personnes Proches Aidants (Caregivers)<\/p>\n\n\n\n<p><strong>GOUVERNEMENT DU CANADA<\/strong><br>Nouveaux Horizons pour les a\u00een\u00e9s<\/p>\n\n\n\n<p><strong>ORGANISATIONS<\/strong><br>R\u00e9seau communautaire de sant\u00e9 et de services sociaux<\/p>\n\n\n\n<p><strong>FONDATIONS<\/strong><br>Fondation Lindsay Memorial<br>Fondation Eric T. Webster<br>Fondation Hylcan<br>Fondation Gustav Levinschi<br>Fondation Grace Dart<br>Fondation de la famille Zeller<br>Fondation Drummond<br>Fonds Good Samaritan<br>Fondation de la famille George Hogg<br>Carol and Andrew Harper Tolerance Fund<\/p>\n\n\n\n<p>Le CEM souhaite exprimer toute sa gratitude aux donateurs qui nous soutiennent en m\u00e9moire des membres de leurs familles et amis ou en leur propre nom.<\/p>\n<\/div><\/details><\/div>\n\n\n\n<div class=\"wp-block-coblocks-accordion-item\"><details><summary class=\"wp-block-coblocks-accordion-item__title\">Qui est Eva Marsden ?<\/summary><div class=\"wp-block-coblocks-accordion-item__content\">\n<p>Lorsque le N.D.G. Le Conseil des personnes \u00e2g\u00e9es a \u00e9t\u00e9 renomm\u00e9 en 2021, il semblait appropri\u00e9 qu&rsquo;il soit nomm\u00e9 en l&rsquo;honneur de quelqu&rsquo;un qui repr\u00e9sentait les valeurs, la philosophie et la culture de l&rsquo;organisation telle qu&rsquo;elle a \u00e9t\u00e9 cr\u00e9\u00e9e \u00e0 ses d\u00e9buts. Le Centre Eva Marsden a \u00e9t\u00e9 nomm\u00e9 d&rsquo;apr\u00e8s l&rsquo;un de nos premiers membres qui \u00e9tait un ardent d\u00e9fenseur des droits des personnes \u00e2g\u00e9es. Elle \u00e9tait particuli\u00e8rement pr\u00e9occup\u00e9e par les femmes \u00e2g\u00e9es qui, \u00e0 l&rsquo;\u00e9poque, connaissaient des niveaux de pauvret\u00e9 encore plus \u00e9lev\u00e9s plus tard dans la vie en raison du manque de participation \u00e0 la main-d&rsquo;\u0153uvre r\u00e9mun\u00e9r\u00e9e. En tant que membre du Zonta International, elle a soutenu les filles et les jeunes femmes qui souhaitaient poursuivre des objectifs acad\u00e9miques et professionnels mais manquaient de moyens financiers.<\/p>\n\n\n\n<p>Eva Marsden \u00e9tait une v\u00e9ritable ambassadrice du NDGSCC et une bienfaitrice subs\u00e9quente de l&rsquo;organisation \u00e0 son d\u00e9c\u00e8s en 1997. Nous sommes honor\u00e9s de poursuivre l&rsquo;h\u00e9ritage de cette avocate d\u00e9vou\u00e9e et humanitaire.<\/p>\n<\/div><\/details><\/div>\n<\/div>\n","protected":false},"excerpt":{"rendered":"","protected":false},"author":1,"featured_media":0,"parent":0,"menu_order":3,"comment_status":"closed","ping_status":"closed","template":"","meta":{"_coblocks_attr":"","_coblocks_dimensions":"{\"coblocks-hero-96142450251\":{\"padding\":{\"paddingBottom\":\"60px\",\"paddingBottomMobile\":\"0px\",\"paddingBottomTablet\":\"100px\",\"paddingLeft\":\"0px\",\"paddingLeftMobile\":\"0px\",\"paddingLeftTablet\":\"0px\",\"paddingRight\":\"0px\",\"paddingRightMobile\":\"0px\",\"paddingRightTablet\":\"0px\",\"paddingTop\":\"60px\",\"paddingTopMobile\":\"0px\",\"paddingTopTablet\":\"100px\"}}}","_coblocks_responsive_height":"{\"coblocks-hero-96142450251\":{\"height\":{\"height\":130,\"heightMobile\":130,\"heightTablet\":130}}}","_coblocks_accordion_ie_support":"","footnotes":""},"class_list":["post-429","page","type-page","status-publish"],"_links":{"self":[{"href":"https:\/\/emcmtl.org\/fr\/wp-json\/wp\/v2\/pages\/429","targetHints":{"allow":["GET"]}}],"collection":[{"href":"https:\/\/emcmtl.org\/fr\/wp-json\/wp\/v2\/pages"}],"about":[{"href":"https:\/\/emcmtl.org\/fr\/wp-json\/wp\/v2\/types\/page"}],"author":[{"embeddable":true,"href":"https:\/\/emcmtl.org\/fr\/wp-json\/wp\/v2\/users\/1"}],"replies":[{"embeddable":true,"href":"https:\/\/emcmtl.org\/fr\/wp-json\/wp\/v2\/comments?post=429"}],"version-history":[{"count":66,"href":"https:\/\/emcmtl.org\/fr\/wp-json\/wp\/v2\/pages\/429\/revisions"}],"predecessor-version":[{"id":1410,"href":"https:\/\/emcmtl.org\/fr\/wp-json\/wp\/v2\/pages\/429\/revisions\/1410"}],"wp:attachment":[{"href":"https:\/\/emcmtl.org\/fr\/wp-json\/wp\/v2\/media?parent=429"}],"curies":[{"name":"wp","href":"https:\/\/api.w.org\/{rel}","templated":true}]}}